
{"id":207,"date":"2014-10-26T02:20:30","date_gmt":"2014-10-26T02:20:30","guid":{"rendered":"\/?page_id=207"},"modified":"2020-10-01T17:33:52","modified_gmt":"2020-10-01T15:33:52","slug":"kontakt","status":"publish","type":"page","link":"https:\/\/djurensvanner.se\/karlstad\/kontakt\/","title":{"rendered":"Om oss"},"content":{"rendered":"<h3>F\u00f6reningen har en paus<\/h3>\n<p>Djurens V\u00e4nner Karlstad har beslutade i september att l\u00e4gga f\u00f6reningen vilande tills vidare. Tidigare styrelse hade under en l\u00e4ngre period haft sv\u00e5rt att f\u00e5 ihop nya m\u00e4nniskor som var villiga att engagera sig inom f\u00f6reningen. S\u00e5 efter ett enh\u00e4lligt beslut \u00e4r f\u00f6reningen sedan september 2020 vilande.<\/p>\n<h3>Hoppas p\u00e5 nystart<\/h3>\n<p>Det \u00e4r givetvis tr\u00e5kigt att en lokalf\u00f6rening ska beh\u00f6vas l\u00e4ggas vilande.\u00a0Under 2020 har Djurens V\u00e4nner kunnat gl\u00e4dja sig med att det startat tre nya lokalf\u00f6reningar i landet. Men samtidigt \u00e4r det n\u00e5gra av v\u00e5ra andra f\u00f6reningar som inte haft det s\u00e5 l\u00e4tt, lokalf\u00f6reningen i Karlstad \u00e4r en av dessa.<br \/>\nMen det \u00e4r viktigt att p\u00e5peka att Djurens V\u00e4nner Karlstad INTE \u00e4r nedlagd, utan bara vilande. Skillnaden \u00e4r att alla tillg\u00e5ngar beh\u00e5lls i f\u00f6reningens namn, organisationsnummer, bankgiro etc finns fortfarande kvar, och medlemmarna f\u00e5r \u00e4ven fram\u00f6ver sin medlemstidning. Skillnaden \u00e4r att Riksorganisationen kommer att sk\u00f6ta utskick och f\u00f6rvalta pengarna tills vidare.<br \/>\nF\u00f6rhoppningen \u00e4r att f\u00f6reningen ska kunna starta upp igen, men det kr\u00e4vs att vi hittar folk som vill engagera sig. D\u00e5 finns det redan en f\u00e4rdig grund att starta fr\u00e5n.<\/p>\n<h3>Nytt folk beh\u00f6vs<\/h3>\n<p>Om du sj\u00e4lv, eller n\u00e5gon du k\u00e4nner, \u00e4r intresserad av att engagera sig i en f\u00f6rening i Karlstad f\u00e5r ni g\u00e4rna h\u00f6ra av er! Vi svarar g\u00e4rna f\u00f6ruts\u00e4ttningsl\u00f6st p\u00e5 fr\u00e5gor om vad som kr\u00e4vs och hur det g\u00e5r till.<\/p>\n<p><strong>F\u00f6r mer info kontakta Riksorganisationen:<\/strong><br \/>\nTelefon 010-16 00 660<br \/>\nMail <a href=\"&#109;&#x61;i&#x6c;&#x74;&#111;&#x3a;i&#x6e;&#x66;&#111;&#x40;d&#x6a;&#x75;&#114;&#x65;n&#x73;&#x76;&#97;&#x6e;n&#x65;&#x72;&#46;&#x73;e\">i&#110;&#102;&#x6f;&#x40;dj&#117;&#114;&#x65;&#x6e;sv&#97;&#110;&#x6e;&#x65;r&#46;&#115;&#x65;<\/a><br \/>\nMycket information kan man \u00e4ven hitta p\u00e5 Riksorganisationens hemsida <a href=\"https:\/\/djurensvanner.se\/lokalforeningar\/starta-en-ny-forening\/\">www.djurensvanner.se<\/a>.<\/p>\n","protected":false},"excerpt":{"rendered":"<p>F\u00f6reningen har en paus Djurens V\u00e4nner Karlstad har beslutade i september att l\u00e4gga f\u00f6reningen vilande tills vidare. Tidigare styrelse hade under en l\u00e4ngre period haft sv\u00e5rt att f\u00e5 ihop nya m\u00e4nniskor som var villiga att engagera sig inom f\u00f6reningen. S\u00e5 efter ett enh\u00e4lligt beslut \u00e4r f\u00f6reningen sedan september 2020 vilande. Hoppas p\u00e5 nystart Det \u00e4r&hellip;<\/p>\n<p><a class=\"more-link\" href=\"https:\/\/djurensvanner.se\/karlstad\/kontakt\/\" title=\"Las mer &lsquo;Om oss&rsquo;\">las mer <span class=\"meta-nav\">&rarr;<\/span><\/a><\/p>\n","protected":false},"author":1,"featured_media":0,"parent":0,"menu_order":0,"comment_status":"open","ping_status":"open","template":"","meta":{"_acf_changed":false,"footnotes":""},"class_list":["post-207","page","type-page","status-publish","hentry"],"acf":[],"_links":{"self":[{"href":"https:\/\/djurensvanner.se\/karlstad\/wp-json\/wp\/v2\/pages\/207","targetHints":{"allow":["GET"]}}],"collection":[{"href":"https:\/\/djurensvanner.se\/karlstad\/wp-json\/wp\/v2\/pages"}],"about":[{"href":"https:\/\/djurensvanner.se\/karlstad\/wp-json\/wp\/v2\/types\/page"}],"author":[{"embeddable":true,"href":"https:\/\/djurensvanner.se\/karlstad\/wp-json\/wp\/v2\/users\/1"}],"replies":[{"embeddable":true,"href":"https:\/\/djurensvanner.se\/karlstad\/wp-json\/wp\/v2\/comments?post=207"}],"version-history":[{"count":12,"href":"https:\/\/djurensvanner.se\/karlstad\/wp-json\/wp\/v2\/pages\/207\/revisions"}],"predecessor-version":[{"id":808,"href":"https:\/\/djurensvanner.se\/karlstad\/wp-json\/wp\/v2\/pages\/207\/revisions\/808"}],"wp:attachment":[{"href":"https:\/\/djurensvanner.se\/karlstad\/wp-json\/wp\/v2\/media?parent=207"}],"curies":[{"name":"wp","href":"https:\/\/api.w.org\/{rel}","templated":true}]}}